{"id":91,"date":"2021-02-11T05:49:39","date_gmt":"2021-02-11T04:49:39","guid":{"rendered":"https:\/\/new.ifi4you.com\/?page_id=91"},"modified":"2021-02-22T05:27:25","modified_gmt":"2021-02-22T04:27:25","slug":"impressum","status":"publish","type":"page","link":"https:\/\/ifi4you.com\/en\/impressum\/","title":{"rendered":"impressum"},"content":{"rendered":"<!--themify_builder_content-->\n<div id=\"themify_builder_content-91\" data-postid=\"91\" class=\"themify_builder_content themify_builder_content-91 themify_builder tf_clear\">\n    \t<!-- module_row -->\n\t<div  data-lazy=\"1\" class=\"module_row themify_builder_row tb_76vm161 tb_first tf_clearfix\">\n\t    \t\t<div class=\"row_inner col_align_top col-count-1 tf_box tf_w tf_rel\">\n\t\t\t<div  data-lazy=\"1\" class=\"module_column tb-column col-full first tb_z8qc162 tf_box\">\n\t\t\t    \t        <div class=\"tb-column-inner tf_box tf_w\">\n\t\t    <!-- module text -->\n<div  class=\"module module-text tb_zuz3236   \" data-lazy=\"1\">\n        <div  class=\"tb_text_wrap\">\n    <h1>Impressum<\/h1>\n<h2>Angaben gem\u00e4\u00df \u00a7 5 TMG<\/h2>\n<p>Hasan Yilmaz<br \/>Herbststra\u00dfe 14<br \/>87439 Kempten<\/p>    <\/div>\n<\/div>\n<!-- \/module text --><!-- module text -->\n<div  class=\"module module-text tb_t5az451   \" data-lazy=\"1\">\n        <div  class=\"tb_text_wrap\">\n    <h2>Kontakt<\/h2>\n<p>Telefon: +49 (0) 831 570 50 76<br \/>Telefax: +49 (0) 831 570 50 78<br \/>E-Mail: info@ifi4you.com<\/p>\n<h2>Umsatzsteuer-ID<\/h2>\n<p>Umsatzsteuer-Identifikationsnummer gem\u00e4\u00df \u00a7 27 a Umsatzsteuergesetz:<br \/>DE322921410<\/p>    <\/div>\n<\/div>\n<!-- \/module text --><!-- module text -->\n<div  class=\"module module-text tb_5g11121   \" data-lazy=\"1\">\n        <div  class=\"tb_text_wrap\">\n    <h2>Aufsichtsbeh\u00f6rde<\/h2>\n<p>\u00a734c Landratsamt Lindau, \u00a734i, Reg. Nr.: D-W-155-MGJL-10 und \u00a734d, Reg. Nr.: D-UCOS-NA0S3-53 IHK M\u00fcnchen<br \/>IHK M\u00fcnchen und Oberbayern:<br \/>Max-Joseph-Str. 2<br \/>80333 M\u00fcnchen<\/p>\n<p>Landratsamt Lindau:<br \/>Bregenzer Stra\u00dfe 33 u. 35 und Stiftsplatz 4<br \/>88131 Lindau (Bodensee)<\/p>\n<p><a href=\"https:\/\/www.landkreis-lindau.de\/\" target=\"_blank\" rel=\"noopener noreferrer\">https:\/\/www.landkreis-lindau.de\/<\/a><\/p>    <\/div>\n<\/div>\n<!-- \/module text --><!-- module text -->\n<div  class=\"module module-text tb_ukc3924   \" data-lazy=\"1\">\n        <div  class=\"tb_text_wrap\">\n    <h2>Berufsbezeichnung und berufsrechtliche Regelungen<\/h2>\n<p>Berufsbezeichnung: Immobiliardarlehensvermittler<br \/>Zust\u00e4ndige Kammer: IHK M\u00fcnchen<br \/>Verliehen in: Deutschland<br \/>Es gelten folgende berufsrechtliche Regelungen: \u00a7\u00a7 34i Absatz 1 Satz1 GewO, Immobiliardarlehensvermittlungsverordnung (ImmVermV), B\u00fcrgerliches Gesetzbuch (BGB), Einf\u00fchrungsgesetz zum B\u00fcrgerlichen Gesetzbuch (EGBGB)<br \/>Regelungen einsehbar unter:\u00a0<a href=\"http:\/\/www.gesetze-im-internet.de\/\" target=\"_blank\" rel=\"noopener noreferrer\">http:\/\/www.gesetze-im-internet.de\/<\/a><\/p>    <\/div>\n<\/div>\n<!-- \/module text --><!-- module text -->\n<div  class=\"module module-text tb_ax8q332   \" data-lazy=\"1\">\n        <div  class=\"tb_text_wrap\">\n    <h2>Angaben zur Berufshaftpflichtversicherung<\/h2>    <\/div>\n<\/div>\n<!-- \/module text --><!-- module text -->\n<div  class=\"module module-text tb_qtio207   \" data-lazy=\"1\">\n        <div  class=\"tb_text_wrap\">\n    <p><strong>Name und Sitz des Versicherers:<\/strong><br \/>N\u00fcrnberger Versicherung<br \/>Ostendstra\u00dfe 100<br \/>90482 N\u00fcrnberg<\/p>\n<p><strong>Geltungsraum der Versicherung:<\/strong><br \/>Deutschland<\/p>    <\/div>\n<\/div>\n<!-- \/module text --><!-- module text -->\n<div  class=\"module module-text tb_h8s4494   \" data-lazy=\"1\">\n        <div  class=\"tb_text_wrap\">\n    <h2>Redaktionell Verantwortlicher<\/h2>\n<p>Hasan Yilmaz<br \/>Herbststra\u00dfe 14<br \/>87439 Kempten<\/p>\n<h2>Verbraucher\u00adstreit\u00adbeilegung\/Universal\u00adschlichtungs\u00adstelle<\/h2>\n<p>Wir sind nicht bereit oder verpflichtet, an Streitbeilegungsverfahren vor einer Verbraucherschlichtungsstelle teilzunehmen.<\/p>    <\/div>\n<\/div>\n<!-- \/module text --><!-- module text -->\n<div  class=\"module module-text tb_5vbq105   \" data-lazy=\"1\">\n        <div  class=\"tb_text_wrap\">\n    <h3>Haftung f\u00fcr Inhalte<\/h3>\n<p>Als Diensteanbieter sind wir gem\u00e4\u00df \u00a7 7 Abs.1 TMG f\u00fcr eigene Inhalte auf diesen Seiten nach den allgemeinen Gesetzen verantwortlich. Nach \u00a7\u00a7 8 bis 10 TMG sind wir als Diensteanbieter jedoch nicht verpflichtet, \u00fcbermittelte oder gespeicherte fremde Informationen zu \u00fcberwachen oder nach Umst\u00e4nden zu forschen, die auf eine rechtswidrige T\u00e4tigkeit hinweisen.<\/p>\n<p>Verpflichtungen zur Entfernung oder Sperrung der Nutzung von Informationen nach den allgemeinen Gesetzen bleiben hiervon unber\u00fchrt. Eine diesbez\u00fcgliche Haftung ist jedoch erst ab dem Zeitpunkt der Kenntnis einer konkreten Rechtsverletzung m\u00f6glich. Bei Bekanntwerden von entsprechenden Rechtsverletzungen werden wir diese Inhalte umgehend entfernen.<\/p>    <\/div>\n<\/div>\n<!-- \/module text --><!-- module text -->\n<div  class=\"module module-text tb_81m6395   \" data-lazy=\"1\">\n        <div  class=\"tb_text_wrap\">\n    <h3>Haftung f\u00fcr Links<\/h3>\n<p>Unser Angebot enth\u00e4lt Links zu externen Websites Dritter, auf deren Inhalte wir keinen Einfluss haben. Deshalb k\u00f6nnen wir f\u00fcr diese fremden Inhalte auch keine Gew\u00e4hr \u00fcbernehmen. F\u00fcr die Inhalte der verlinkten Seiten ist stets der jeweilige Anbieter oder Betreiber der Seiten verantwortlich. Die verlinkten Seiten wurden zum Zeitpunkt der Verlinkung auf m\u00f6gliche Rechtsverst\u00f6\u00dfe \u00fcberpr\u00fcft. Rechtswidrige Inhalte waren zum Zeitpunkt der Verlinkung nicht erkennbar.<\/p>\n<p>Eine permanente inhaltliche Kontrolle der verlinkten Seiten ist jedoch ohne konkrete Anhaltspunkte einer Rechtsverletzung nicht zumutbar. Bei Bekanntwerden von Rechtsverletzungen werden wir derartige Links umgehend entfernen.<\/p>    <\/div>\n<\/div>\n<!-- \/module text --><!-- module text -->\n<div  class=\"module module-text tb_qxty145   \" data-lazy=\"1\">\n        <div  class=\"tb_text_wrap\">\n    <h3>Urheberrecht<\/h3>\n<p>Die durch die Seitenbetreiber erstellten Inhalte und Werke auf diesen Seiten unterliegen dem deutschen Urheberrecht. Die Vervielf\u00e4ltigung, Bearbeitung, Verbreitung und jede Art der Verwertung au\u00dferhalb der Grenzen des Urheberrechtes bed\u00fcrfen der schriftlichen Zustimmung des jeweiligen Autors bzw. Erstellers. Downloads und Kopien dieser Seite sind nur f\u00fcr den privaten, nicht kommerziellen Gebrauch gestattet.<\/p>\n<p>Soweit die Inhalte auf dieser Seite nicht vom Betreiber erstellt wurden, werden die Urheberrechte Dritter beachtet. Insbesondere werden Inhalte Dritter als solche gekennzeichnet. Sollten Sie trotzdem auf eine Urheberrechtsverletzung aufmerksam werden, bitten wir um einen entsprechenden Hinweis. Bei Bekanntwerden von Rechtsverletzungen werden wir derartige Inhalte umgehend entfernen.<\/p>    <\/div>\n<\/div>\n<!-- \/module text -->\t        <\/div>\n\t    \t<\/div>\n\t\t    <\/div>\n\t    <!-- \/row_inner -->\n\t<\/div>\n\t<!-- \/module_row -->\n\t<\/div>\n<!--\/themify_builder_content-->","protected":false},"excerpt":{"rendered":"<p>Impressum Angaben gem\u00e4\u00df \u00a7 5 TMG Hasan YilmazHerbststra\u00dfe 1487439 Kempten Kontakt Telefon: +49 (0) 831 570 50 76Telefax: +49 (0) 831 570 50 78E-Mail: info@ifi4you.com Umsatzsteuer-ID Umsatzsteuer-Identifikationsnummer gem\u00e4\u00df \u00a7 27 a Umsatzsteuergesetz:DE322921410 Aufsichtsbeh\u00f6rde \u00a734c Landratsamt Lindau, \u00a734i, Reg. Nr.: D-W-155-MGJL-10 und \u00a734d, Reg. Nr.: D-UCOS-NA0S3-53 IHK M\u00fcnchenIHK M\u00fcnchen und Oberbayern:Max-Joseph-Str. 280333 M\u00fcnchen Landratsamt Lindau:Bregenzer Stra\u00dfe [&hellip;]<\/p>\n","protected":false},"author":2,"featured_media":0,"parent":0,"menu_order":0,"comment_status":"closed","ping_status":"closed","template":"","meta":[],"yoast_head":"<!-- This site is optimized with the Yoast SEO Premium plugin v15.9 - https:\/\/yoast.com\/wordpress\/plugins\/seo\/ -->\n<title>impressum - ifi4you<\/title>\n<meta name=\"robots\" content=\"index, follow, max-snippet:-1, max-image-preview:large, max-video-preview:-1\" \/>\n<link rel=\"canonical\" href=\"https:\/\/www.ifi4you.com\/impressum\/\" \/>\n<meta property=\"og:locale\" content=\"en_US\" \/>\n<meta property=\"og:type\" content=\"article\" \/>\n<meta property=\"og:title\" content=\"impressum - ifi4you\" \/>\n<meta property=\"og:description\" content=\"Impressum Angaben gem\u00e4\u00df \u00a7 5 TMG Hasan YilmazHerbststra\u00dfe 1487439 Kempten Kontakt Telefon: +49 (0) 831 570 50 76Telefax: +49 (0) 831 570 50 78E-Mail: info@ifi4you.com Umsatzsteuer-ID Umsatzsteuer-Identifikationsnummer gem\u00e4\u00df \u00a7 27 a Umsatzsteuergesetz:DE322921410 Aufsichtsbeh\u00f6rde \u00a734c Landratsamt Lindau, \u00a734i, Reg. Nr.: D-W-155-MGJL-10 und \u00a734d, Reg. Nr.: D-UCOS-NA0S3-53 IHK M\u00fcnchenIHK M\u00fcnchen und Oberbayern:Max-Joseph-Str. 280333 M\u00fcnchen Landratsamt Lindau:Bregenzer Stra\u00dfe [&hellip;]\" \/>\n<meta property=\"og:url\" content=\"https:\/\/www.ifi4you.com\/impressum\/\" \/>\n<meta property=\"og:site_name\" content=\"ifi4you\" \/>\n<meta property=\"article:modified_time\" content=\"2021-02-22T04:27:25+00:00\" \/>\n<meta name=\"twitter:card\" content=\"summary_large_image\" \/>\n<meta name=\"twitter:label1\" content=\"Est. reading time\">\n\t<meta name=\"twitter:data1\" content=\"2 minutes\">\n<script type=\"application\/ld+json\" class=\"yoast-schema-graph\">{\"@context\":\"https:\/\/schema.org\",\"@graph\":[{\"@type\":\"WebSite\",\"@id\":\"https:\/\/ifi4you.com\/en\/#website\",\"url\":\"https:\/\/ifi4you.com\/en\/\",\"name\":\"ifi4you\",\"description\":\"\",\"potentialAction\":[{\"@type\":\"SearchAction\",\"target\":\"https:\/\/ifi4you.com\/en\/?s={search_term_string}\",\"query-input\":\"required name=search_term_string\"}],\"inLanguage\":\"en-US\"},{\"@type\":\"WebPage\",\"@id\":\"https:\/\/www.ifi4you.com\/impressum\/#webpage\",\"url\":\"https:\/\/www.ifi4you.com\/impressum\/\",\"name\":\"impressum - ifi4you\",\"isPartOf\":{\"@id\":\"https:\/\/ifi4you.com\/en\/#website\"},\"datePublished\":\"2021-02-11T04:49:39+00:00\",\"dateModified\":\"2021-02-22T04:27:25+00:00\",\"breadcrumb\":{\"@id\":\"https:\/\/www.ifi4you.com\/impressum\/#breadcrumb\"},\"inLanguage\":\"en-US\",\"potentialAction\":[{\"@type\":\"ReadAction\",\"target\":[\"https:\/\/www.ifi4you.com\/impressum\/\"]}]},{\"@type\":\"BreadcrumbList\",\"@id\":\"https:\/\/www.ifi4you.com\/impressum\/#breadcrumb\",\"itemListElement\":[{\"@type\":\"ListItem\",\"position\":1,\"item\":{\"@type\":\"WebPage\",\"@id\":\"https:\/\/www.ifi4you.com\/en\/\",\"url\":\"https:\/\/www.ifi4you.com\/en\/\",\"name\":\"Home\"}},{\"@type\":\"ListItem\",\"position\":2,\"item\":{\"@type\":\"WebPage\",\"@id\":\"https:\/\/www.ifi4you.com\/impressum\/\",\"url\":\"https:\/\/www.ifi4you.com\/impressum\/\",\"name\":\"impressum\"}}]}]}<\/script>\n<!-- \/ Yoast SEO Premium plugin. -->","builder_content":"<h1>Impressum<\/h1> <h2>Angaben gem\u00e4\u00df \u00a7 5 TMG<\/h2> <p>Hasan Yilmaz<br \/>Herbststra\u00dfe 14<br \/>87439 Kempten<\/p>\n<h2>Kontakt<\/h2> <p>Telefon: +49 (0) 831 570 50 76<br \/>Telefax: +49 (0) 831 570 50 78<br \/>E-Mail: info@ifi4you.com<\/p> <h2>Umsatzsteuer-ID<\/h2> <p>Umsatzsteuer-Identifikationsnummer gem\u00e4\u00df \u00a7 27 a Umsatzsteuergesetz:<br \/>DE322921410<\/p>\n<h2>Aufsichtsbeh\u00f6rde<\/h2> <p>\u00a734c Landratsamt Lindau, \u00a734i, Reg. Nr.: D-W-155-MGJL-10 und \u00a734d, Reg. Nr.: D-UCOS-NA0S3-53 IHK M\u00fcnchen<br \/>IHK M\u00fcnchen und Oberbayern:<br \/>Max-Joseph-Str. 2<br \/>80333 M\u00fcnchen<\/p> <p>Landratsamt Lindau:<br \/>Bregenzer Stra\u00dfe 33 u. 35 und Stiftsplatz 4<br \/>88131 Lindau (Bodensee)<\/p> <p><a href=\"https:\/\/www.landkreis-lindau.de\/\" target=\"_blank\" rel=\"noopener noreferrer\">https:\/\/www.landkreis-lindau.de\/<\/a><\/p>\n<h2>Berufsbezeichnung und berufsrechtliche Regelungen<\/h2> <p>Berufsbezeichnung: Immobiliardarlehensvermittler<br \/>Zust\u00e4ndige Kammer: IHK M\u00fcnchen<br \/>Verliehen in: Deutschland<br \/>Es gelten folgende berufsrechtliche Regelungen: \u00a7\u00a7 34i Absatz 1 Satz1 GewO, Immobiliardarlehensvermittlungsverordnung (ImmVermV), B\u00fcrgerliches Gesetzbuch (BGB), Einf\u00fchrungsgesetz zum B\u00fcrgerlichen Gesetzbuch (EGBGB)<br \/>Regelungen einsehbar unter:\u00a0<a href=\"http:\/\/www.gesetze-im-internet.de\/\" target=\"_blank\" rel=\"noopener noreferrer\">http:\/\/www.gesetze-im-internet.de\/<\/a><\/p>\n<h2>Angaben zur Berufshaftpflichtversicherung<\/h2>\n<p><strong>Name und Sitz des Versicherers:<\/strong><br \/>N\u00fcrnberger Versicherung<br \/>Ostendstra\u00dfe 100<br \/>90482 N\u00fcrnberg<\/p> <p><strong>Geltungsraum der Versicherung:<\/strong><br \/>Deutschland<\/p>\n<h2>Redaktionell Verantwortlicher<\/h2> <p>Hasan Yilmaz<br \/>Herbststra\u00dfe 14<br \/>87439 Kempten<\/p> <h2>Verbraucher\u00adstreit\u00adbeilegung\/Universal\u00adschlichtungs\u00adstelle<\/h2> <p>Wir sind nicht bereit oder verpflichtet, an Streitbeilegungsverfahren vor einer Verbraucherschlichtungsstelle teilzunehmen.<\/p>\n<h3>Haftung f\u00fcr Inhalte<\/h3> <p>Als Diensteanbieter sind wir gem\u00e4\u00df \u00a7 7 Abs.1 TMG f\u00fcr eigene Inhalte auf diesen Seiten nach den allgemeinen Gesetzen verantwortlich. Nach \u00a7\u00a7 8 bis 10 TMG sind wir als Diensteanbieter jedoch nicht verpflichtet, \u00fcbermittelte oder gespeicherte fremde Informationen zu \u00fcberwachen oder nach Umst\u00e4nden zu forschen, die auf eine rechtswidrige T\u00e4tigkeit hinweisen.<\/p> <p>Verpflichtungen zur Entfernung oder Sperrung der Nutzung von Informationen nach den allgemeinen Gesetzen bleiben hiervon unber\u00fchrt. Eine diesbez\u00fcgliche Haftung ist jedoch erst ab dem Zeitpunkt der Kenntnis einer konkreten Rechtsverletzung m\u00f6glich. Bei Bekanntwerden von entsprechenden Rechtsverletzungen werden wir diese Inhalte umgehend entfernen.<\/p>\n<h3>Haftung f\u00fcr Links<\/h3> <p>Unser Angebot enth\u00e4lt Links zu externen Websites Dritter, auf deren Inhalte wir keinen Einfluss haben. Deshalb k\u00f6nnen wir f\u00fcr diese fremden Inhalte auch keine Gew\u00e4hr \u00fcbernehmen. F\u00fcr die Inhalte der verlinkten Seiten ist stets der jeweilige Anbieter oder Betreiber der Seiten verantwortlich. Die verlinkten Seiten wurden zum Zeitpunkt der Verlinkung auf m\u00f6gliche Rechtsverst\u00f6\u00dfe \u00fcberpr\u00fcft. Rechtswidrige Inhalte waren zum Zeitpunkt der Verlinkung nicht erkennbar.<\/p> <p>Eine permanente inhaltliche Kontrolle der verlinkten Seiten ist jedoch ohne konkrete Anhaltspunkte einer Rechtsverletzung nicht zumutbar. Bei Bekanntwerden von Rechtsverletzungen werden wir derartige Links umgehend entfernen.<\/p>\n<h3>Urheberrecht<\/h3> <p>Die durch die Seitenbetreiber erstellten Inhalte und Werke auf diesen Seiten unterliegen dem deutschen Urheberrecht. Die Vervielf\u00e4ltigung, Bearbeitung, Verbreitung und jede Art der Verwertung au\u00dferhalb der Grenzen des Urheberrechtes bed\u00fcrfen der schriftlichen Zustimmung des jeweiligen Autors bzw. Erstellers. Downloads und Kopien dieser Seite sind nur f\u00fcr den privaten, nicht kommerziellen Gebrauch gestattet.<\/p> <p>Soweit die Inhalte auf dieser Seite nicht vom Betreiber erstellt wurden, werden die Urheberrechte Dritter beachtet. Insbesondere werden Inhalte Dritter als solche gekennzeichnet. Sollten Sie trotzdem auf eine Urheberrechtsverletzung aufmerksam werden, bitten wir um einen entsprechenden Hinweis. Bei Bekanntwerden von Rechtsverletzungen werden wir derartige Inhalte umgehend entfernen.<\/p>","_links":{"self":[{"href":"https:\/\/ifi4you.com\/en\/wp-json\/wp\/v2\/pages\/91"}],"collection":[{"href":"https:\/\/ifi4you.com\/en\/wp-json\/wp\/v2\/pages"}],"about":[{"href":"https:\/\/ifi4you.com\/en\/wp-json\/wp\/v2\/types\/page"}],"author":[{"embeddable":true,"href":"https:\/\/ifi4you.com\/en\/wp-json\/wp\/v2\/users\/2"}],"replies":[{"embeddable":true,"href":"https:\/\/ifi4you.com\/en\/wp-json\/wp\/v2\/comments?post=91"}],"version-history":[{"count":6,"href":"https:\/\/ifi4you.com\/en\/wp-json\/wp\/v2\/pages\/91\/revisions"}],"predecessor-version":[{"id":704,"href":"https:\/\/ifi4you.com\/en\/wp-json\/wp\/v2\/pages\/91\/revisions\/704"}],"wp:attachment":[{"href":"https:\/\/ifi4you.com\/en\/wp-json\/wp\/v2\/media?parent=91"}],"curies":[{"name":"wp","href":"https:\/\/api.w.org\/{rel}","templated":true}]}}